{"id":2980,"date":"2017-11-08T13:01:51","date_gmt":"2017-11-08T11:01:51","guid":{"rendered":"http:\/\/consorcioserrano.es\/?page_id=2980"},"modified":"2021-08-03T09:50:04","modified_gmt":"2021-08-03T08:50:04","slug":"a-propos-de-consorcio-serrano","status":"publish","type":"page","link":"https:\/\/consorcioserrano.es\/fr\/nouvelles-et-presse\/a-propos-de-consorcio-serrano\/","title":{"rendered":"\u00c0 propos de Consorcio Serrano"},"content":{"rendered":"<div class=\"wpb-content-wrapper\"><p>[vc_row][vc_column width=\u00a0\u00bb2\/3&Prime;][vc_column_text el_class=\u00a0\u00bbvc_quote_consorcio\u00a0\u00bb]<\/p>\n<div class=\"vc_quote_consorcio_icon\"><img loading=\"lazy\" decoding=\"async\" class=\"alignnone size-full wp-image-1101\" src=\"http:\/\/consorcioserrano.es\/wp-content\/uploads\/2017\/10\/comillas-abrir-1.png\" alt=\"\" width=\"59\" height=\"53\" srcset=\"https:\/\/consorcioserrano.es\/wp-content\/uploads\/2017\/10\/comillas-abrir-1.png 59w, https:\/\/consorcioserrano.es\/wp-content\/uploads\/2017\/10\/comillas-abrir-1-50x45.png 50w\" sizes=\"auto, (max-width:767px) 59px, 59px\" \/><\/div>\n<div class=\"vc_quote_consorcio_content\">\n<h1><strong>Nouvelles \u00e0 propos le Consorcio Serrano<\/strong><img loading=\"lazy\" decoding=\"async\" class=\"alignnone size-full wp-image-1100\" src=\"http:\/\/consorcioserrano.es\/wp-content\/uploads\/2017\/10\/comillas-cerrar-1.png\" alt=\"\" width=\"59\" height=\"53\" srcset=\"https:\/\/consorcioserrano.es\/wp-content\/uploads\/2017\/10\/comillas-cerrar-1.png 59w, https:\/\/consorcioserrano.es\/wp-content\/uploads\/2017\/10\/comillas-cerrar-1-50x45.png 50w\" sizes=\"auto, (max-width:767px) 59px, 59px\" \/><\/h1>\n<\/div>\n<p>[\/vc_column_text][\/vc_column][vc_column width=\u00a0\u00bb1\/3&Prime;][\/vc_column][\/vc_row][vc_row][vc_column width=\u00a0\u00bb9\/12&Prime; el_class=\u00a0\u00bbcolumn-border-right-red\u00a0\u00bb][vc_row_inner][vc_column_inner][vc_column_text]<\/p>\n<div id=\"Filters\" class=\"columnN one only only-categories\">\n<div class=\"filters_wrapper\">\n<ul class=\"categories\">\n<li><a href=\"https:\/\/consorcioserrano.es\/fr\/nouvelles-et-presse\/\">Toutes les publications<\/a><\/li>\n<li class=\"current-filter\"><a href=\"https:\/\/consorcioserrano.es\/fr\/nouvelles-et-presse\/a-propos-de-consorcio-serrano\/\">\u00c0 propos de Consorcio Serrano<br \/>\n<\/a><\/li>\n<li><a href=\"https:\/\/consorcioserrano.es\/fr\/nouvelles-et-presse\/a-propos-de-jambon-serrano\/\">\u00c0 propos de Jambon Serrano<\/a><\/li>\n<\/ul>\n<\/div>\n<\/div>\n<p>[\/vc_column_text][\/vc_column_inner][\/vc_row_inner][vc_column_text]<form style=\"display:none;\" autocomplete=\"off\" name=\"wpv-filter-2201\" action=\"\/fr\/wp-json\/wp\/v2\/pages\/2980?wpv_view_count=2201\" method=\"get\" class=\"wpv-filter-form js-wpv-filter-form js-wpv-filter-form-2201 js-wpv-form-full js-wpv-dps-enabled js-wpv-ajax-results-enabled\" data-viewnumber=\"2201\" data-viewid=\"2201\" data-viewhash=\"eyJuYW1lIjoibm90aWNhcy1zb2JyZS1lbC1jb25zb3JjaW8tc2VycmFubyIsInZpZXdfZGlzcGxheSI6ImxheW91dCJ9\" data-viewwidgetid=\"0\" data-orderby=\"\" data-order=\"\" data-orderbyas=\"\" data-orderbysecond=\"\" data-ordersecond=\"\" data-parametric=\"{&quot;query&quot;:&quot;normal&quot;,&quot;id&quot;:2201,&quot;view_id&quot;:2201,&quot;widget_id&quot;:0,&quot;view_hash&quot;:&quot;2201&quot;,&quot;action&quot;:&quot;\\\/fr\\\/wp-json\\\/wp\\\/v2\\\/pages\\\/2980?wpv_view_count=2201&quot;,&quot;sort&quot;:{&quot;orderby&quot;:&quot;&quot;,&quot;order&quot;:&quot;&quot;,&quot;orderby_as&quot;:&quot;&quot;,&quot;orderby_second&quot;:&quot;&quot;,&quot;order_second&quot;:&quot;&quot;},&quot;orderby&quot;:&quot;&quot;,&quot;order&quot;:&quot;&quot;,&quot;orderby_as&quot;:&quot;&quot;,&quot;orderby_second&quot;:&quot;&quot;,&quot;order_second&quot;:&quot;&quot;,&quot;ajax_form&quot;:&quot;&quot;,&quot;ajax_results&quot;:&quot;&quot;,&quot;effect&quot;:&quot;fade&quot;,&quot;prebefore&quot;:&quot;&quot;,&quot;before&quot;:&quot;&quot;,&quot;after&quot;:&quot;&quot;,&quot;attributes&quot;:{&quot;view_display&quot;:&quot;layout&quot;},&quot;environment&quot;:{&quot;current_post_id&quot;:2980,&quot;parent_post_id&quot;:2980,&quot;parent_term_id&quot;:0,&quot;parent_user_id&quot;:0,&quot;archive&quot;:{&quot;type&quot;:&quot;&quot;,&quot;name&quot;:&quot;&quot;,&quot;data&quot;:[]}},&quot;loop&quot;:{&quot;type&quot;:&quot;&quot;,&quot;name&quot;:&quot;&quot;,&quot;data&quot;:[],&quot;id&quot;:0}}\" data-attributes=\"{&quot;view_display&quot;:&quot;layout&quot;}\" data-environment=\"{&quot;current_post_id&quot;:2980,&quot;parent_post_id&quot;:2980,&quot;parent_term_id&quot;:0,&quot;parent_user_id&quot;:0,&quot;archive&quot;:{&quot;type&quot;:&quot;&quot;,&quot;name&quot;:&quot;&quot;,&quot;data&quot;:[]}}\"><input type=\"hidden\" class=\"js-wpv-dps-filter-data js-wpv-filter-data-for-this-form\" data-action=\"\/fr\/wp-json\/wp\/v2\/pages\/2980?wpv_view_count=2201\" data-page=\"1\" data-ajax=\"enable\" data-effect=\"fade\" data-maxpages=\"4\" data-ajaxprebefore=\"\" data-ajaxbefore=\"\" data-ajaxafter=\"\" \/><input class=\"wpv_view_count wpv_view_count-2201\" type=\"hidden\" name=\"wpv_view_count\" value=\"2201\" \/>\n\n\n<div class=\"vc_row wpb_row vc_row-fluid vc_row-no-padding recetas-sidebar\">\n  <div class=\"wpb_column vc_column_container\">\n    <div class=\"vc_column-inner\">\n      <div class=\"wpb_wrapper\">\n        <div class=\"vc_col-xs-12 vc_col-sm-6 vc_col-md-6 vc_col-lg-6\">\n\t\t<div class=\"form-group\">\n          <label>Categor\u00edas<\/label>\n          <div class=\"checkbox\"><label for=\"post_category-foires-et-evenements\"><input type=\"checkbox\" id=\"post_category-foires-et-evenements\" class=\"js-wpv-filter-trigger\" name=\"wpv-category[]\" value=\"foires-et-evenements\" \/>Foires et \u00c9v\u00e9nements<\/label><\/div><div class=\"checkbox\"><label for=\"post_category-nouvelles-et-presse\"><input type=\"checkbox\" id=\"post_category-nouvelles-et-presse\" class=\"js-wpv-filter-trigger\" name=\"wpv-category[]\" value=\"nouvelles-et-presse\" \/>Nouvelles et Presse<\/label><\/div><div class=\"checkbox\"><label for=\"post_category-a-propos-de-consorcio-serrano\"><input type=\"checkbox\" id=\"post_category-a-propos-de-consorcio-serrano\" class=\"js-wpv-filter-trigger\" name=\"wpv-category[]\" value=\"a-propos-de-consorcio-serrano\" \/>\u00c0 propos de Consorcio Serrano<\/label><\/div><div class=\"checkbox\"><label for=\"post_category-a-propos-de-jambon-serrano\"><input type=\"checkbox\" id=\"post_category-a-propos-de-jambon-serrano\" class=\"js-wpv-filter-trigger\" name=\"wpv-category[]\" value=\"a-propos-de-jambon-serrano\" \/>\u00c0 propos de Jambon Serrano<\/label><\/div>\n      \t<\/div>\t\n        <\/div>\n        \n  \n        \n        \n      <\/div>\n    <\/div>\n  <\/div>\n  \n<\/div>\n\n<div class=\"vc_row wpb_row vc_row-fluid vc_row-no-padding recetas-buscar\">\n  <div class=\"wpb_column vc_column_container\">\n    <div class=\"vc_column-inner\">\n      <div class=\"wpb_wrapper\">\n      \n        <div class=\"vc_col-xs-12 vc_col-sm-12 vc_col-md-12 vc_col-lg-12 vc_receta_search\">\n          <p><span>Rechercher une recette <\/span>\n            <input type=\"text\" name=\"wpv_post_search\"  class=\"js-wpv-filter-trigger-delayed form-control\" \/>\n      \t\t<button type=\"submit\" class=\"wpv-submit-trigger js-wpv-submit-trigger\">Chercher<\/button>\n            \n          <\/p>\n        <\/div>\n        \n      <\/div>\n    <\/div>\n  <\/div>\n  \n<\/div>\n\n\n\n\n\n<\/form>\n<div id=\"wpv-view-layout-2201\" class=\"js-wpv-view-layout js-wpv-layout-responsive js-wpv-view-layout-2201\" data-viewnumber=\"2201\" data-pagination=\"{&quot;id&quot;:2201,&quot;query&quot;:&quot;normal&quot;,&quot;type&quot;:&quot;paged&quot;,&quot;effect&quot;:&quot;fade&quot;,&quot;duration&quot;:500,&quot;speed&quot;:5,&quot;pause_on_hover&quot;:&quot;disabled&quot;,&quot;stop_rollover&quot;:&quot;false&quot;,&quot;cache_pages&quot;:&quot;enabled&quot;,&quot;preload_images&quot;:&quot;enabled&quot;,&quot;preload_pages&quot;:&quot;enabled&quot;,&quot;preload_reach&quot;:1,&quot;spinner&quot;:&quot;builtin&quot;,&quot;spinner_image&quot;:&quot;https:\/\/consorcioserrano.es\/wp-content\/plugins\/types-views\/embedded\/res\/img\/ajax-loader.gif&quot;,&quot;callback_next&quot;:&quot;&quot;,&quot;manage_history&quot;:&quot;enabled&quot;,&quot;has_controls_in_form&quot;:&quot;disabled&quot;,&quot;infinite_tolerance&quot;:0,&quot;max_pages&quot;:4,&quot;page&quot;:1,&quot;base_permalink&quot;:&quot;\/fr\/wp-json\/wp\/v2\/pages\/2980?wpv_view_count=2201&amp;wpv_paged=WPV_PAGE_NUM&quot;,&quot;loop&quot;:{&quot;type&quot;:&quot;&quot;,&quot;name&quot;:&quot;&quot;,&quot;data&quot;:[],&quot;id&quot;:0}}\" data-permalink=\"\/fr\/wp-json\/wp\/v2\/pages\/2980?wpv_view_count=2201\">\n\n\t\n\t\n\t\n\t\t\n\t\t<div class=\"vc_row \">\n\t\t\t<div class=\"vc_col-sm-6\"><div class=\"vc_recipe\">\n  <div class=\"vc_recipe-image\">\n    <a href=\"https:\/\/consorcioserrano.es\/fr\/les-exportations-jambon-et-palettes-crus-augmentent-1417-jusquau-troisieme-trimestre-2021\/\"><img loading=\"lazy\" decoding=\"async\" width=\"612\" height=\"406\" src=\"https:\/\/consorcioserrano.es\/wp-content\/uploads\/2021\/12\/camion_contenedores.jpg\" class=\"attachment-full size-full img-responsive wp-post-image\" alt=\"Exportacion Jam\u00f3n Serrano\" srcset=\"https:\/\/consorcioserrano.es\/wp-content\/uploads\/2021\/12\/camion_contenedores.jpg 612w, https:\/\/consorcioserrano.es\/wp-content\/uploads\/2021\/12\/camion_contenedores-300x199.jpg 300w, https:\/\/consorcioserrano.es\/wp-content\/uploads\/2021\/12\/camion_contenedores-220x146.jpg 220w, https:\/\/consorcioserrano.es\/wp-content\/uploads\/2021\/12\/camion_contenedores-50x33.jpg 50w, https:\/\/consorcioserrano.es\/wp-content\/uploads\/2021\/12\/camion_contenedores-113x75.jpg 113w\" sizes=\"auto, (max-width:767px) 480px, 612px\" \/><\/a>\n  <\/div>\n  <div class=\"vc_recipe-link\">\n    <h3><a href=\"https:\/\/consorcioserrano.es\/fr\/les-exportations-jambon-et-palettes-crus-augmentent-1417-jusquau-troisieme-trimestre-2021\/\">Les exportations de jambon et de palettes crus augmentent de 14,17\u00a0% jusqu\u2019au troisi\u00e8me trimestre\u00a02021<\/a><\/h3>\n  <\/div>\n  <div class=\"vc_recipe-link\">\n    <p><span class=\"vc_recipe-date\"><i class=\"icon-clock\"><\/i>21 d\u00e9cembre 2021<\/span> | Nouvelles et Presse, \u00c0 propos de Consorcio Serrano <\/p>\n  <\/div>  \n  <div class=\"vc_recipe-excerpt\">\n    <p>&gt;&gt; Au cours des neuf premiers mois de l\u2019ann\u00e9e, les exportations ont atteint 36\u2009644,81 tonnes, contre 32\u2009097,93 tonnes \u00e0 la m\u00eame p\u00e9riode en 2020 &gt;&gt; Les pays qui ont repr<\/p>\n\n  <\/div>\n  <div class=\"vc_recipe-readmore\">\n    <a href=\"https:\/\/consorcioserrano.es\/fr\/les-exportations-jambon-et-palettes-crus-augmentent-1417-jusquau-troisieme-trimestre-2021\/\">En savoir plus<\/a>\n    <\/div>\n<\/div><\/div>\n\t\t\n\t\t\n\t\t\t<div class=\"vc_col-sm-6\"><div class=\"vc_recipe\">\n  <div class=\"vc_recipe-image\">\n    <a href=\"https:\/\/consorcioserrano.es\/fr\/allemagne-france-et-suede-les-principales-destinations-europeennes-du-travail-promotion-du-consortium-du-jambon-serrano-espagnol\/\"><img loading=\"lazy\" decoding=\"async\" width=\"626\" height=\"417\" src=\"https:\/\/consorcioserrano.es\/wp-content\/uploads\/2021\/05\/bandera_unon_europea_jamon_serrano.jpg\" class=\"attachment-full size-full img-responsive wp-post-image\" alt=\"Exportacion Jam\u00f3n Consorcio Serrano UE\" srcset=\"https:\/\/consorcioserrano.es\/wp-content\/uploads\/2021\/05\/bandera_unon_europea_jamon_serrano.jpg 626w, https:\/\/consorcioserrano.es\/wp-content\/uploads\/2021\/05\/bandera_unon_europea_jamon_serrano-300x200.jpg 300w, https:\/\/consorcioserrano.es\/wp-content\/uploads\/2021\/05\/bandera_unon_europea_jamon_serrano-219x146.jpg 219w, https:\/\/consorcioserrano.es\/wp-content\/uploads\/2021\/05\/bandera_unon_europea_jamon_serrano-50x33.jpg 50w, https:\/\/consorcioserrano.es\/wp-content\/uploads\/2021\/05\/bandera_unon_europea_jamon_serrano-113x75.jpg 113w\" sizes=\"auto, (max-width:767px) 480px, 626px\" \/><\/a>\n  <\/div>\n  <div class=\"vc_recipe-link\">\n    <h3><a href=\"https:\/\/consorcioserrano.es\/fr\/allemagne-france-et-suede-les-principales-destinations-europeennes-du-travail-promotion-du-consortium-du-jambon-serrano-espagnol\/\">Allemagne, France et Su\u00e8de, les principales destinations europ\u00e9ennes du travail de promotion du Consortium du Jambon Serrano Espagnol.<\/a><\/h3>\n  <\/div>\n  <div class=\"vc_recipe-link\">\n    <p><span class=\"vc_recipe-date\"><i class=\"icon-clock\"><\/i>21 d\u00e9cembre 2021<\/span> | Nouvelles et Presse, \u00c0 propos de Consorcio Serrano <\/p>\n  <\/div>  \n  <div class=\"vc_recipe-excerpt\">\n    <p>&gt;&gt; La participation \u00e0 des salons professionnels, des s\u00e9minaires de coupe, des actions de marketing num\u00e9rique et des collaborations avec des blogueurs gastronomiques figure pa<\/p>\n\n  <\/div>\n  <div class=\"vc_recipe-readmore\">\n    <a href=\"https:\/\/consorcioserrano.es\/fr\/allemagne-france-et-suede-les-principales-destinations-europeennes-du-travail-promotion-du-consortium-du-jambon-serrano-espagnol\/\">En savoir plus<\/a>\n    <\/div>\n<\/div><\/div>\n\t\t<\/div>\n\t\t\n\t\t\n\t\t<div class=\"vc_row \">\n\t\t\t<div class=\"vc_col-sm-6\"><div class=\"vc_recipe\">\n  <div class=\"vc_recipe-image\">\n    <a href=\"https:\/\/consorcioserrano.es\/fr\/le-consortium-du-jambon-serrano-espagnol-poursuit-sa-campagne-avec-le-consorzio-del-prosciutto-di-parma-pour-promouvoir-le-jambon-qualite-australie\/\"><img loading=\"lazy\" decoding=\"async\" width=\"612\" height=\"403\" src=\"https:\/\/consorcioserrano.es\/wp-content\/uploads\/2021\/12\/australia.jpg\" class=\"attachment-full size-full img-responsive wp-post-image\" alt=\"Jamon serrano en Australia\" srcset=\"https:\/\/consorcioserrano.es\/wp-content\/uploads\/2021\/12\/australia.jpg 612w, https:\/\/consorcioserrano.es\/wp-content\/uploads\/2021\/12\/australia-300x198.jpg 300w, https:\/\/consorcioserrano.es\/wp-content\/uploads\/2021\/12\/australia-222x146.jpg 222w, https:\/\/consorcioserrano.es\/wp-content\/uploads\/2021\/12\/australia-50x33.jpg 50w, https:\/\/consorcioserrano.es\/wp-content\/uploads\/2021\/12\/australia-114x75.jpg 114w\" sizes=\"auto, (max-width:767px) 480px, 612px\" \/><\/a>\n  <\/div>\n  <div class=\"vc_recipe-link\">\n    <h3><a href=\"https:\/\/consorcioserrano.es\/fr\/le-consortium-du-jambon-serrano-espagnol-poursuit-sa-campagne-avec-le-consorzio-del-prosciutto-di-parma-pour-promouvoir-le-jambon-qualite-australie\/\">Le Consortium du Jambon Serrano Espagnol poursuit sa campagne avec le Consorzio del Prosciutto di Parma pour promouvoir le jambon de qualit\u00e9 en Australie<\/a><\/h3>\n  <\/div>\n  <div class=\"vc_recipe-link\">\n    <p><span class=\"vc_recipe-date\"><i class=\"icon-clock\"><\/i>21 d\u00e9cembre 2021<\/span> | Nouvelles et Presse, \u00c0 propos de Consorcio Serrano <\/p>\n  <\/div>  \n  <div class=\"vc_recipe-excerpt\">\n    <p>&gt;&gt; Les deux consortiums reprennent leur campagne de promotion dans le but d\u2019apporter les valeurs diff\u00e9rentielles du jambon de qualit\u00e9 europ\u00e9enne aux op\u00e9rateurs et aux distrib<\/p>\n\n  <\/div>\n  <div class=\"vc_recipe-readmore\">\n    <a href=\"https:\/\/consorcioserrano.es\/fr\/le-consortium-du-jambon-serrano-espagnol-poursuit-sa-campagne-avec-le-consorzio-del-prosciutto-di-parma-pour-promouvoir-le-jambon-qualite-australie\/\">En savoir plus<\/a>\n    <\/div>\n<\/div><\/div>\n\t\t\n\t\t\n\t\t\t<div class=\"vc_col-sm-6\"><div class=\"vc_recipe\">\n  <div class=\"vc_recipe-image\">\n    <a href=\"https:\/\/consorcioserrano.es\/fr\/recherchez-des-marches-en-dehors-de-l-ue-et-investissez-dans-rdi-le-nouveau-pari-du-secteur-du-jambon\/\"><img loading=\"lazy\" decoding=\"async\" width=\"800\" height=\"500\" src=\"https:\/\/consorcioserrano.es\/wp-content\/uploads\/2017\/11\/Buscar-mercados-fuera-de-la-UE-e-invertir-en-IDi-la-nueva-apuesta-del-sector-del-jamon.jpg\" class=\"attachment-full size-full img-responsive wp-post-image\" alt=\"\" srcset=\"https:\/\/consorcioserrano.es\/wp-content\/uploads\/2017\/11\/Buscar-mercados-fuera-de-la-UE-e-invertir-en-IDi-la-nueva-apuesta-del-sector-del-jamon.jpg 800w, https:\/\/consorcioserrano.es\/wp-content\/uploads\/2017\/11\/Buscar-mercados-fuera-de-la-UE-e-invertir-en-IDi-la-nueva-apuesta-del-sector-del-jamon-300x188.jpg 300w, https:\/\/consorcioserrano.es\/wp-content\/uploads\/2017\/11\/Buscar-mercados-fuera-de-la-UE-e-invertir-en-IDi-la-nueva-apuesta-del-sector-del-jamon-768x480.jpg 768w, https:\/\/consorcioserrano.es\/wp-content\/uploads\/2017\/11\/Buscar-mercados-fuera-de-la-UE-e-invertir-en-IDi-la-nueva-apuesta-del-sector-del-jamon-234x146.jpg 234w, https:\/\/consorcioserrano.es\/wp-content\/uploads\/2017\/11\/Buscar-mercados-fuera-de-la-UE-e-invertir-en-IDi-la-nueva-apuesta-del-sector-del-jamon-50x31.jpg 50w, https:\/\/consorcioserrano.es\/wp-content\/uploads\/2017\/11\/Buscar-mercados-fuera-de-la-UE-e-invertir-en-IDi-la-nueva-apuesta-del-sector-del-jamon-120x75.jpg 120w\" sizes=\"auto, (max-width:767px) 480px, (max-width:800px) 100vw, 800px\" \/><\/a>\n  <\/div>\n  <div class=\"vc_recipe-link\">\n    <h3><a href=\"https:\/\/consorcioserrano.es\/fr\/recherchez-des-marches-en-dehors-de-l-ue-et-investissez-dans-rdi-le-nouveau-pari-du-secteur-du-jambon\/\">Recherchez des march\u00e9s en dehors de l&rsquo;UE et investissez dans R + D + i, le nouveau pari du secteur du jambon<\/a><\/h3>\n  <\/div>\n  <div class=\"vc_recipe-link\">\n    <p><span class=\"vc_recipe-date\"><i class=\"icon-clock\"><\/i>8 novembre 2017<\/span> | \u00c0 propos de Jambon Serrano <\/p>\n  <\/div>  \n  <div class=\"vc_recipe-excerpt\">\n    <p>Le IXe Congr\u00e8s Mondial du jambon cru tenu \u00e0 Tol\u00e8de en juin dernier a cl\u00f4tur\u00e9 ses trois journ\u00e9es de rencontres et de pr\u00e9sentations avec deux maximes pour promouvoir le secteur: cher<\/p>\n\n  <\/div>\n  <div class=\"vc_recipe-readmore\">\n    <a href=\"https:\/\/consorcioserrano.es\/fr\/recherchez-des-marches-en-dehors-de-l-ue-et-investissez-dans-rdi-le-nouveau-pari-du-secteur-du-jambon\/\">En savoir plus<\/a>\n    <\/div>\n<\/div><\/div>\n\t\t<\/div>\n\t\t\n\t\t\n\t\t<div class=\"vc_row \">\n\t\t\t<div class=\"vc_col-sm-6\"><div class=\"wpb-content-wrapper\"><div class=\"vc_recipe\">\n  <div class=\"vc_recipe-image\">\n    <a href=\"https:\/\/consorcioserrano.es\/fr\/le-consorcio-del-jamon-serrano-espanol-tamponne-sa-piece-numero-14-000-000\/\"><img loading=\"lazy\" decoding=\"async\" width=\"800\" height=\"500\" src=\"https:\/\/consorcioserrano.es\/wp-content\/uploads\/2017\/07\/El-Consorcio-del-Jamon-Serrano-Espanol-sella-su-pieza-numero-14.000.000.jpg\" class=\"attachment-full size-full img-responsive wp-post-image\" alt=\"\" srcset=\"https:\/\/consorcioserrano.es\/wp-content\/uploads\/2017\/07\/El-Consorcio-del-Jamon-Serrano-Espanol-sella-su-pieza-numero-14.000.000.jpg 800w, https:\/\/consorcioserrano.es\/wp-content\/uploads\/2017\/07\/El-Consorcio-del-Jamon-Serrano-Espanol-sella-su-pieza-numero-14.000.000-300x188.jpg 300w, https:\/\/consorcioserrano.es\/wp-content\/uploads\/2017\/07\/El-Consorcio-del-Jamon-Serrano-Espanol-sella-su-pieza-numero-14.000.000-768x480.jpg 768w, https:\/\/consorcioserrano.es\/wp-content\/uploads\/2017\/07\/El-Consorcio-del-Jamon-Serrano-Espanol-sella-su-pieza-numero-14.000.000-234x146.jpg 234w, https:\/\/consorcioserrano.es\/wp-content\/uploads\/2017\/07\/El-Consorcio-del-Jamon-Serrano-Espanol-sella-su-pieza-numero-14.000.000-50x31.jpg 50w, https:\/\/consorcioserrano.es\/wp-content\/uploads\/2017\/07\/El-Consorcio-del-Jamon-Serrano-Espanol-sella-su-pieza-numero-14.000.000-120x75.jpg 120w\" sizes=\"auto, (max-width:767px) 480px, (max-width:800px) 100vw, 800px\" \/><\/a>\n  <\/div>\n  <div class=\"vc_recipe-link\">\n    <h3><a href=\"https:\/\/consorcioserrano.es\/fr\/le-consorcio-del-jamon-serrano-espanol-tamponne-sa-piece-numero-14-000-000\/\">Le Consorcio del Jam\u00f3n Serrano Espa\u00f1ol tamponne sa pi\u00e8ce num\u00e9ro 14.000.000<\/a><\/h3>\n  <\/div>\n  <div class=\"vc_recipe-link\">\n    <p><span class=\"vc_recipe-date\"><i class=\"icon-clock\"><\/i>27 juillet 2017<\/span> | \u00c0 propos de Consorcio Serrano <\/p>\n  <\/div>  \n  <div class=\"vc_recipe-excerpt\">\n    <p>[vc_row][vc_column][vc_column_text] [\/vc_column_text][\/vc_column][\/vc_row][vc_row][vc_column width=\u00a0\u00bb9\/12&Prime;][vc_single_image image=\u00a0\u00bb2582&Prime; img_size=\u00a0\u00bbfull\u00a0\u00bb] [vc_column_text] L\u2019associat<\/p>\n\n  <\/div>\n  <div class=\"vc_recipe-readmore\">\n    <a href=\"https:\/\/consorcioserrano.es\/fr\/le-consorcio-del-jamon-serrano-espanol-tamponne-sa-piece-numero-14-000-000\/\">En savoir plus<\/a>\n    <\/div>\n<\/div><\/div><\/div>\n\t\t\n\t\t\n\t\t\t<div class=\"vc_col-sm-6\"><div class=\"vc_recipe\">\n  <div class=\"vc_recipe-image\">\n    <a href=\"https:\/\/consorcioserrano.es\/fr\/le-consorcio-del-jamon-serrano-espanol-celebre-les-ii-journees-des-dialogues-d-exportation\/\"><img loading=\"lazy\" decoding=\"async\" width=\"1200\" height=\"630\" src=\"https:\/\/consorcioserrano.es\/wp-content\/uploads\/2017\/11\/social-consorcio-serrano.jpg\" class=\"attachment-full size-full\" alt=\"\" srcset=\"https:\/\/consorcioserrano.es\/wp-content\/uploads\/2017\/11\/social-consorcio-serrano.jpg 1200w, https:\/\/consorcioserrano.es\/wp-content\/uploads\/2017\/11\/social-consorcio-serrano-300x158.jpg 300w, https:\/\/consorcioserrano.es\/wp-content\/uploads\/2017\/11\/social-consorcio-serrano-768x403.jpg 768w, https:\/\/consorcioserrano.es\/wp-content\/uploads\/2017\/11\/social-consorcio-serrano-1024x538.jpg 1024w, https:\/\/consorcioserrano.es\/wp-content\/uploads\/2017\/11\/social-consorcio-serrano-260x137.jpg 260w, https:\/\/consorcioserrano.es\/wp-content\/uploads\/2017\/11\/social-consorcio-serrano-50x26.jpg 50w, https:\/\/consorcioserrano.es\/wp-content\/uploads\/2017\/11\/social-consorcio-serrano-143x75.jpg 143w\" sizes=\"auto, (max-width:767px) 480px, (max-width:1200px) 100vw, 1200px\" \/><\/a>\n  <\/div>\n  <div class=\"vc_recipe-link\">\n    <h3><a href=\"https:\/\/consorcioserrano.es\/fr\/le-consorcio-del-jamon-serrano-espanol-celebre-les-ii-journees-des-dialogues-d-exportation\/\">Le Consorcio del Jam\u00f3n Serrano Espa\u00f1ol c\u00e9l\u00e8bre les II Journ\u00e9es des Dialogues d\u2019Exportation<\/a><\/h3>\n  <\/div>\n  <div class=\"vc_recipe-link\">\n    <p><span class=\"vc_recipe-date\"><i class=\"icon-clock\"><\/i>22 mai 2017<\/span> | Foires et \u00c9v\u00e9nements <\/p>\n  <\/div>  \n  <div class=\"vc_recipe-excerpt\">\n    <p>D\u00fb au bon accueil de la premi\u00e8re \u00e9dition, le Consorcio del Jamon Serrano Espa\u00f1ol (CJSE) c\u00e9lebrera le prochain 25 de mai \u00e0 Madrid la II Journ\u00e9e des Dialogues d\u2019Exportation CJSE. Le<\/p>\n\n  <\/div>\n  <div class=\"vc_recipe-readmore\">\n    <a href=\"https:\/\/consorcioserrano.es\/fr\/le-consorcio-del-jamon-serrano-espanol-celebre-les-ii-journees-des-dialogues-d-exportation\/\">En savoir plus<\/a>\n    <\/div>\n<\/div><\/div>\n\t\t<\/div>\n\t\t\n\t\n\t\n\t\t<div class=\"vc_row \">\n         <div class=\"vc_col-sm-12\">\n          <div class=\"vc_recipe_pagination\"> \n          \t\t<ul class=\"wpv-pagination-nav-links-container js-wpv-pagination-nav-links-container pagination\"><li class=\"wpv-pagination-nav-links-item js-wpv-pagination-nav-links-item page-item wpv-page-link-2201-1 js-wpv-page-link-2201-1 wpv_page_current wpv-pagination-nav-links-item-current active\"><span class=\"wpv-filter-pagination-link page-link\">1<\/span><\/li><li class=\"wpv-pagination-nav-links-item js-wpv-pagination-nav-links-item page-item wpv-page-link-2201-2 js-wpv-page-link-2201-2\"><a class=\"wpv-filter-pagination-link js-wpv-pagination-link page-link\" title=\"2\" href=\"\/fr\/wp-json\/wp\/v2\/pages\/2980?wpv_view_count=2201&#038;wpv_paged=2\" data-viewnumber=\"2201\" data-page=\"2\">2<\/a><\/li><li class=\"wpv-pagination-nav-links-item js-wpv-pagination-nav-links-item page-item wpv-page-link-2201-3 js-wpv-page-link-2201-3\"><a class=\"wpv-filter-pagination-link js-wpv-pagination-link page-link\" title=\"3\" href=\"\/fr\/wp-json\/wp\/v2\/pages\/2980?wpv_view_count=2201&#038;wpv_paged=3\" data-viewnumber=\"2201\" data-page=\"3\">3<\/a><\/li><li class=\"wpv-pagination-nav-links-item js-wpv-pagination-nav-links-item page-item wpv-page-link-2201-4 js-wpv-page-link-2201-4\"><a class=\"wpv-filter-pagination-link js-wpv-pagination-link page-link\" title=\"4\" href=\"\/fr\/wp-json\/wp\/v2\/pages\/2980?wpv_view_count=2201&#038;wpv_paged=4\" data-viewnumber=\"2201\" data-page=\"4\">4<\/a><\/li><\/ul>\n           <\/div>\n         <\/div>\n\t\t<\/div>\n\t\n<\/div>\n[\/vc_column_text][\/vc_column][vc_column width=\u00a0\u00bb3\/12&Prime;][vc_row_inner][vc_column_inner][vc_column_text]<\/p>\n<h3><span style=\"color: #e82f37;\"><strong>Mat\u00e9riel et documents \u00e0 t\u00e9l\u00e9charger<\/strong><\/span><\/h3>\n<p>Il est n\u00e9cessaire d&rsquo;\u00eatre enregistr\u00e9 pour pouvoir t\u00e9l\u00e9charger les documents disponibles.[\/vc_column_text][vc_column_text showfor=\u00a0\u00bbnot_logged_in\u00a0\u00bb]<a class=\"button-consorcio-red\" href=\"http:\/\/consorcioserrano.es\/member-login\/\">Acc\u00e8s<\/a>[\/vc_column_text][vc_column_text showfor=\u00a0\u00bbnot_logged_in\u00a0\u00bb]<a class=\"button-consorcio-red\" href=\"http:\/\/consorcioserrano.es\/member-register\/\">S&rsquo;enregistrer<\/a>[\/vc_column_text][vc_empty_space height=\u00a0\u00bb15px\u00a0\u00bb][vc_column_text showfor=\u00a0\u00bbselected_user_roles\u00a0\u00bb selected_user_roles=\u00a0\u00bbadministrator, role_comunicacion\u00a0\u00bb]<\/p>\n<h3><span style=\"color: #e82f37;\"><strong>Liste de mat\u00e9riaux<\/strong><\/span><\/h3>\n<ul>\n<li><a href=\"https:\/\/consorcioserrano.es\/memoria\/cjse-memoria-coorporativa.pdf\" target=\"_blank\" rel=\"noopener noreferrer\">2021: M\u00e9moire d&rsquo;entreprise<\/a><\/li>\n<li><a href=\"https:\/\/consorcioserrano.es\/wp-content\/uploads\/2020\/12\/Dossier_30_years_CJSE.pdf\" target=\"_blank\" rel=\"noopener noreferrer\">2020: Dossier de presse<\/a><\/li>\n<li><a href=\"http:\/\/consorcioserrano.es\/wp-content\/uploads\/2017\/10\/dossier_de_presse2016cjse.pdf\" target=\"_blank\" rel=\"noopener noreferrer\">2016: Dossier de presse <\/a><\/li>\n<li><a href=\"http:\/\/consorcioserrano.es\/wp-content\/uploads\/2017\/05\/1memoria2016jamonserrano-online.pdf\" target=\"_blank\" rel=\"noopener noreferrer\">2016: M\u00e9moire d&rsquo;entreprise<\/a><\/li>\n<\/ul>\n<p>[\/vc_column_text][\/vc_column_inner][\/vc_row_inner][\/vc_column][\/vc_row]<\/p>\n<\/div>","protected":false},"excerpt":{"rendered":"<p>[vc_row][vc_column width=\u00a0\u00bb2\/3&Prime;][vc_column_text el_class=\u00a0\u00bbvc_quote_consorcio\u00a0\u00bb] Nouvelles \u00e0 propos le Consorcio Serrano [\/vc_column_text][\/vc_column][vc_column width=\u00a0\u00bb1\/3&Prime;][\/vc_column][\/vc_row][vc_row][vc_column width=\u00a0\u00bb9\/12&Prime; el_class=\u00a0\u00bbcolumn-border-right-red\u00a0\u00bb][vc_row_inner][vc_column_inner][vc_column_text] Toutes les publications \u00c0 propos de Consorcio Serrano \u00c0 propos de Jambon Serrano<span class=\"excerpt-hellip\"> [\u2026]<\/span><\/p>\n","protected":false},"author":1,"featured_media":0,"parent":2979,"menu_order":0,"comment_status":"closed","ping_status":"closed","template":"","meta":{"_acf_changed":false,"footnotes":""},"class_list":["post-2980","page","type-page","status-publish","hentry","sections_group lang-fr"],"yoast_head":"<!-- This site is optimized with the Yoast SEO plugin v27.2 - https:\/\/yoast.com\/product\/yoast-seo-wordpress\/ -->\n<title>\u00c0 propos de Consorcio Serrano - Consorcio Jambon Serrano<\/title>\n<meta name=\"description\" content=\"Recevez les derni\u00e8res nouvelles a propos de Consortium Serrano et ses associ\u00e9s. Toutes les nouvelles des activit\u00e9s men\u00e9es par la CJSE.\" \/>\n<meta name=\"robots\" content=\"index, follow, max-snippet:-1, max-image-preview:large, max-video-preview:-1\" \/>\n<link rel=\"canonical\" href=\"https:\/\/consorcioserrano.es\/fr\/nouvelles-et-presse\/a-propos-de-consorcio-serrano\/\" \/>\n<meta property=\"og:locale\" content=\"fr_FR\" \/>\n<meta property=\"og:type\" content=\"article\" \/>\n<meta property=\"og:title\" content=\"\u00c0 propos de Consorcio Serrano - Consorcio Jambon Serrano\" \/>\n<meta property=\"og:description\" content=\"Recevez les derni\u00e8res nouvelles a propos de Consortium Serrano et ses associ\u00e9s. Toutes les nouvelles des activit\u00e9s men\u00e9es par la CJSE.\" \/>\n<meta property=\"og:url\" content=\"https:\/\/consorcioserrano.es\/fr\/nouvelles-et-presse\/a-propos-de-consorcio-serrano\/\" \/>\n<meta property=\"og:site_name\" content=\"Consorcio del Jam\u00f3n Serrano\" \/>\n<meta property=\"article:modified_time\" content=\"2021-08-03T08:50:04+00:00\" \/>\n<meta property=\"og:image\" content=\"http:\/\/consorcioserrano.es\/wp-content\/uploads\/2017\/10\/comillas-abrir-1.png\" \/>\n<meta name=\"twitter:card\" content=\"summary_large_image\" \/>\n<meta name=\"twitter:label1\" content=\"Dur\u00e9e de lecture estim\u00e9e\" \/>\n\t<meta name=\"twitter:data1\" content=\"1 minute\" \/>\n<script type=\"application\/ld+json\" class=\"yoast-schema-graph\">{\"@context\":\"https:\/\/schema.org\",\"@graph\":[{\"@type\":\"WebPage\",\"@id\":\"https:\/\/consorcioserrano.es\/fr\/nouvelles-et-presse\/a-propos-de-consorcio-serrano\/\",\"url\":\"https:\/\/consorcioserrano.es\/fr\/nouvelles-et-presse\/a-propos-de-consorcio-serrano\/\",\"name\":\"\u00c0 propos de Consorcio Serrano - Consorcio Jambon Serrano\",\"isPartOf\":{\"@id\":\"https:\/\/consorcioserrano.es\/#website\"},\"primaryImageOfPage\":{\"@id\":\"https:\/\/consorcioserrano.es\/fr\/nouvelles-et-presse\/a-propos-de-consorcio-serrano\/#primaryimage\"},\"image\":{\"@id\":\"https:\/\/consorcioserrano.es\/fr\/nouvelles-et-presse\/a-propos-de-consorcio-serrano\/#primaryimage\"},\"thumbnailUrl\":\"http:\/\/consorcioserrano.es\/wp-content\/uploads\/2017\/10\/comillas-abrir-1.png\",\"datePublished\":\"2017-11-08T11:01:51+00:00\",\"dateModified\":\"2021-08-03T08:50:04+00:00\",\"description\":\"Recevez les derni\u00e8res nouvelles a propos de Consortium Serrano et ses associ\u00e9s. Toutes les nouvelles des activit\u00e9s men\u00e9es par la CJSE.\",\"breadcrumb\":{\"@id\":\"https:\/\/consorcioserrano.es\/fr\/nouvelles-et-presse\/a-propos-de-consorcio-serrano\/#breadcrumb\"},\"inLanguage\":\"fr-FR\",\"potentialAction\":[{\"@type\":\"ReadAction\",\"target\":[\"https:\/\/consorcioserrano.es\/fr\/nouvelles-et-presse\/a-propos-de-consorcio-serrano\/\"]}]},{\"@type\":\"ImageObject\",\"inLanguage\":\"fr-FR\",\"@id\":\"https:\/\/consorcioserrano.es\/fr\/nouvelles-et-presse\/a-propos-de-consorcio-serrano\/#primaryimage\",\"url\":\"http:\/\/consorcioserrano.es\/wp-content\/uploads\/2017\/10\/comillas-abrir-1.png\",\"contentUrl\":\"http:\/\/consorcioserrano.es\/wp-content\/uploads\/2017\/10\/comillas-abrir-1.png\"},{\"@type\":\"BreadcrumbList\",\"@id\":\"https:\/\/consorcioserrano.es\/fr\/nouvelles-et-presse\/a-propos-de-consorcio-serrano\/#breadcrumb\",\"itemListElement\":[{\"@type\":\"ListItem\",\"position\":1,\"name\":\"Portada\",\"item\":\"https:\/\/consorcioserrano.es\/fr\/\"},{\"@type\":\"ListItem\",\"position\":2,\"name\":\"Nouvelles et Presse\",\"item\":\"https:\/\/consorcioserrano.es\/fr\/nouvelles-et-presse\/\"},{\"@type\":\"ListItem\",\"position\":3,\"name\":\"\u00c0 propos de Consorcio Serrano\"}]},{\"@type\":\"WebSite\",\"@id\":\"https:\/\/consorcioserrano.es\/#website\",\"url\":\"https:\/\/consorcioserrano.es\/\",\"name\":\"Consorcio del Jam\u00f3n Serrano\",\"description\":\"ConsorcioSerrano : Jambon serrano haut de gamme certifi\u00e9 - S\u00e9lection manuelle de chaque jambon espagnol - Elaboration, d\u00e9coupe, tapas espagnoles\",\"potentialAction\":[{\"@type\":\"SearchAction\",\"target\":{\"@type\":\"EntryPoint\",\"urlTemplate\":\"https:\/\/consorcioserrano.es\/?s={search_term_string}\"},\"query-input\":{\"@type\":\"PropertyValueSpecification\",\"valueRequired\":true,\"valueName\":\"search_term_string\"}}],\"inLanguage\":\"fr-FR\"}]}<\/script>\n<!-- \/ Yoast SEO plugin. -->","yoast_head_json":{"title":"\u00c0 propos de Consorcio Serrano - Consorcio Jambon Serrano","description":"Recevez les derni\u00e8res nouvelles a propos de Consortium Serrano et ses associ\u00e9s. Toutes les nouvelles des activit\u00e9s men\u00e9es par la CJSE.","robots":{"index":"index","follow":"follow","max-snippet":"max-snippet:-1","max-image-preview":"max-image-preview:large","max-video-preview":"max-video-preview:-1"},"canonical":"https:\/\/consorcioserrano.es\/fr\/nouvelles-et-presse\/a-propos-de-consorcio-serrano\/","og_locale":"fr_FR","og_type":"article","og_title":"\u00c0 propos de Consorcio Serrano - Consorcio Jambon Serrano","og_description":"Recevez les derni\u00e8res nouvelles a propos de Consortium Serrano et ses associ\u00e9s. Toutes les nouvelles des activit\u00e9s men\u00e9es par la CJSE.","og_url":"https:\/\/consorcioserrano.es\/fr\/nouvelles-et-presse\/a-propos-de-consorcio-serrano\/","og_site_name":"Consorcio del Jam\u00f3n Serrano","article_modified_time":"2021-08-03T08:50:04+00:00","og_image":[{"url":"http:\/\/consorcioserrano.es\/wp-content\/uploads\/2017\/10\/comillas-abrir-1.png","type":"","width":"","height":""}],"twitter_card":"summary_large_image","twitter_misc":{"Dur\u00e9e de lecture estim\u00e9e":"1 minute"},"schema":{"@context":"https:\/\/schema.org","@graph":[{"@type":"WebPage","@id":"https:\/\/consorcioserrano.es\/fr\/nouvelles-et-presse\/a-propos-de-consorcio-serrano\/","url":"https:\/\/consorcioserrano.es\/fr\/nouvelles-et-presse\/a-propos-de-consorcio-serrano\/","name":"\u00c0 propos de Consorcio Serrano - Consorcio Jambon Serrano","isPartOf":{"@id":"https:\/\/consorcioserrano.es\/#website"},"primaryImageOfPage":{"@id":"https:\/\/consorcioserrano.es\/fr\/nouvelles-et-presse\/a-propos-de-consorcio-serrano\/#primaryimage"},"image":{"@id":"https:\/\/consorcioserrano.es\/fr\/nouvelles-et-presse\/a-propos-de-consorcio-serrano\/#primaryimage"},"thumbnailUrl":"http:\/\/consorcioserrano.es\/wp-content\/uploads\/2017\/10\/comillas-abrir-1.png","datePublished":"2017-11-08T11:01:51+00:00","dateModified":"2021-08-03T08:50:04+00:00","description":"Recevez les derni\u00e8res nouvelles a propos de Consortium Serrano et ses associ\u00e9s. Toutes les nouvelles des activit\u00e9s men\u00e9es par la CJSE.","breadcrumb":{"@id":"https:\/\/consorcioserrano.es\/fr\/nouvelles-et-presse\/a-propos-de-consorcio-serrano\/#breadcrumb"},"inLanguage":"fr-FR","potentialAction":[{"@type":"ReadAction","target":["https:\/\/consorcioserrano.es\/fr\/nouvelles-et-presse\/a-propos-de-consorcio-serrano\/"]}]},{"@type":"ImageObject","inLanguage":"fr-FR","@id":"https:\/\/consorcioserrano.es\/fr\/nouvelles-et-presse\/a-propos-de-consorcio-serrano\/#primaryimage","url":"http:\/\/consorcioserrano.es\/wp-content\/uploads\/2017\/10\/comillas-abrir-1.png","contentUrl":"http:\/\/consorcioserrano.es\/wp-content\/uploads\/2017\/10\/comillas-abrir-1.png"},{"@type":"BreadcrumbList","@id":"https:\/\/consorcioserrano.es\/fr\/nouvelles-et-presse\/a-propos-de-consorcio-serrano\/#breadcrumb","itemListElement":[{"@type":"ListItem","position":1,"name":"Portada","item":"https:\/\/consorcioserrano.es\/fr\/"},{"@type":"ListItem","position":2,"name":"Nouvelles et Presse","item":"https:\/\/consorcioserrano.es\/fr\/nouvelles-et-presse\/"},{"@type":"ListItem","position":3,"name":"\u00c0 propos de Consorcio Serrano"}]},{"@type":"WebSite","@id":"https:\/\/consorcioserrano.es\/#website","url":"https:\/\/consorcioserrano.es\/","name":"Consorcio del Jam\u00f3n Serrano","description":"ConsorcioSerrano : Jambon serrano haut de gamme certifi\u00e9 - S\u00e9lection manuelle de chaque jambon espagnol - Elaboration, d\u00e9coupe, tapas espagnoles","potentialAction":[{"@type":"SearchAction","target":{"@type":"EntryPoint","urlTemplate":"https:\/\/consorcioserrano.es\/?s={search_term_string}"},"query-input":{"@type":"PropertyValueSpecification","valueRequired":true,"valueName":"search_term_string"}}],"inLanguage":"fr-FR"}]}},"acf":[],"_links":{"self":[{"href":"https:\/\/consorcioserrano.es\/fr\/wp-json\/wp\/v2\/pages\/2980","targetHints":{"allow":["GET"]}}],"collection":[{"href":"https:\/\/consorcioserrano.es\/fr\/wp-json\/wp\/v2\/pages"}],"about":[{"href":"https:\/\/consorcioserrano.es\/fr\/wp-json\/wp\/v2\/types\/page"}],"author":[{"embeddable":true,"href":"https:\/\/consorcioserrano.es\/fr\/wp-json\/wp\/v2\/users\/1"}],"replies":[{"embeddable":true,"href":"https:\/\/consorcioserrano.es\/fr\/wp-json\/wp\/v2\/comments?post=2980"}],"version-history":[{"count":1,"href":"https:\/\/consorcioserrano.es\/fr\/wp-json\/wp\/v2\/pages\/2980\/revisions"}],"predecessor-version":[{"id":13934,"href":"https:\/\/consorcioserrano.es\/fr\/wp-json\/wp\/v2\/pages\/2980\/revisions\/13934"}],"up":[{"embeddable":true,"href":"https:\/\/consorcioserrano.es\/fr\/wp-json\/wp\/v2\/pages\/2979"}],"wp:attachment":[{"href":"https:\/\/consorcioserrano.es\/fr\/wp-json\/wp\/v2\/media?parent=2980"}],"curies":[{"name":"wp","href":"https:\/\/api.w.org\/{rel}","templated":true}]}}